{"id":1693,"date":"2019-02-27T12:08:46","date_gmt":"2019-02-27T18:08:46","guid":{"rendered":"http:\/\/fundacion-stresser.com.mx\/beta\/fr\/?page_id=1693"},"modified":"2019-04-01T16:50:38","modified_gmt":"2019-04-01T22:50:38","slug":"claude-stresser-pean","status":"publish","type":"page","link":"http:\/\/fundacion-stresser.com.mx\/fr\/claude-stresser-pean\/","title":{"rendered":"Claude Stresser-P\u00e9an"},"content":{"rendered":"<p>[vc_section css=\u00a0\u00bb.vc_custom_1551290147430{margin-top: 0px !important;padding-top: 0px !important;padding-bottom: 55px !important;}\u00a0\u00bb][vc_row][vc_column][vc_separator color=\u00a0\u00bbcustom\u00a0\u00bb el_width=\u00a0\u00bb10&Prime; accent_color=\u00a0\u00bb#adadad\u00a0\u00bb][vc_column_text]<\/p>\n<p style=\"text-align: justify;\">Claude Gant\u00e8s, n\u00e9e \u00e0 Rabat, Maroc, le 14 octobre 1929.<\/p>\n<p style=\"text-align: justify;\">Apr\u00e8s avoir r\u00e9alis\u00e9 ses \u00e9tudes primaires et secondaires au Lyc\u00e9e de jeunes filles de Rabat, re\u00e7ue au baccalaur\u00e9at, elle obtient en 1949 le certificat de prop\u00e9deutique qui lui permet d\u2019entrer en facult\u00e9.<\/p>\n<p style=\"text-align: justify;\">En 1950 elle suit \u00e0 Alger les cours de psychologie g\u00e9n\u00e9rale et de psychologie animale, ainsi que de sociologie. Apr\u00e8s avoir \u00e9t\u00e9 re\u00e7ue \u00e0 ses examens, elle part \u00e0 Paris pour suivre \u00e0 la Sorbonne les cours de philosophie g\u00e9n\u00e9rale du professeur Alqui\u00e9 ainsi que ceux du professeur Jank\u00e9l\u00e9vitch. Les cours de ce dernier influencent consid\u00e9rablement sa culture et sa pens\u00e9e. Toutefois, quinze jours apr\u00e8s son arriv\u00e9e \u00e0 Paris son p\u00e8re d\u00e9c\u00e8de au Maroc d\u2019une crise cardiaque ce qui l\u2019oblige \u00e0 trouver une aide financi\u00e8re. C\u2019est alors qu\u2019elle accepte un poste \u00e0 l\u2019Institut de la Providence. Elle pr\u00e9pare des \u00e9l\u00e8ves pour les aider \u00e0 passer leur baccalaur\u00e9at.<\/p>\n<p style=\"text-align: justify;\">La d\u00e9couverte de Paris apr\u00e8s toutes ces ann\u00e9es de guerre l\u2019incite \u00e0 suivre les cours de litt\u00e9rature de Marie-Jeanne Durry, grande sp\u00e9cialiste du po\u00e8te Apollinaire. Son s\u00e9jour \u00e0 Paris, de plus, lui permet de d\u00e9couvrir sa passion pour l\u2019art, le th\u00e9\u00e2tre et le cin\u00e9ma. Mais, elle obtient un poste de directrice d\u2019Alliance fran\u00e7aise au Mexique, d\u2019abord \u00e0 Oaxaca, en 1958, puis \u00e0 M\u00e9rida en 1963, ce qui comble son d\u00e9sir de partir \u00e0 l\u2019\u00e9tranger.<\/p>\n<p style=\"text-align: justify;\">C\u2019est pour elle la d\u00e9couverte d\u2019un pays et d\u2019une culture qui la passionnent. Sans savoir qu\u2019elle apprendrait bient\u00f4t l\u2019anthropologie, elle part visiter les villages zapot\u00e8ques o\u00f9 elle noue des amiti\u00e9s avec les paysans. Elle se rend sur la c\u00f4te pacifique \u00e0 Pinotepa Nacional avec une amie, Clothilde Sch\u00f6ndube, et d\u00e9couvre alors la beaut\u00e9 des femmes indig\u00e8nes et de leur costume.<\/p>\n<p style=\"text-align: justify;\">En 1961 elle va rencontrer Guy Stresser-P\u00e9an, venu \u00e0 Oaxaca pour participer aux fouilles d\u2019Ignacio Bernal \u00e0 Yagul. Commence alors une amiti\u00e9 qui se terminera par leur mariage le 7 novembre 1964 \u00e0 Mexico.<\/p>\n<p style=\"text-align: justify;\">Ayant obtenu d\u00e8s 1965 sa mise en disponibilit\u00e9 sans traitement, Claude Stresser-P\u00e9an apprendra aux c\u00f4t\u00e9s de son mari l\u2019arch\u00e9ologie et l\u2019ethnologie et ne cessera de travailler avec lui.<\/p>\n<p style=\"text-align: justify;\">Passionn\u00e9e d\u2019anthropologie, elle se sp\u00e9cialise dans l\u2019\u00e9tude du v\u00eatement indig\u00e8ne et de son histoire. Elle se lie alors de grande amiti\u00e9 avec Irmgard Weitlaner Johnson (sp\u00e9cialiste reconnue de la technique des textiles mexicains).<\/p>\n<p style=\"text-align: justify;\">En accord avec son mari, elle r\u00e9alise six documentaires ethnologiques et r\u00e9nove un film sur la Danse du Volador \u00e0 Tamaletom, San Luis Potosi, en 1953, con\u00e7u par Guy Stresser-P\u00e9an. Elle r\u00e9cup\u00e8re \u00e9galement des documents film\u00e9s en 8\u00a0mm en 1937-1938, par Guy Stresser-P\u00e9an, dans la Huasteca potosina et \u00e0 Papantla, Veracruz.<br \/>\nApr\u00e8s la mort de son \u00e9poux, elle continue \u00e0 pr\u00e9parer et publier les travaux entrepris par ce dernier ou par elle-m\u00eame.<\/p>\n<p style=\"text-align: justify;\">En 2007, Claude Stresser-P\u00e9an re\u00e7oit la d\u00e9coration de Chevalier de l\u2019Ordre National du M\u00e9rite, puis, en 2015, l\u2019Ordre de Chevalier de la L\u00e9gion d\u2019Honneur.<\/p>\n<p style=\"text-align: justify;\"><strong>Bibliographie<\/strong><\/p>\n<p style=\"text-align: justify;\">Tamtok, sitio arqueol\u00f3gico huasteco, Vol. I, Su historia, sus edificios, (coauteur Guy Stresser-P\u00e9an), Instituto de Cultura de San Luis Potos\u00ed, Colegio de San Luis, INAH, CEMCA, Fondation Singer Polignac, Mexico, 2001.<\/p>\n<p style=\"text-align: justify;\">Tamtok, sitio arqueol\u00f3gico huasteco, Vol. II, Su vida cotidiana, (coauteur Guy Stresser-P\u00e9an), CEMCA, INAH, Instituto Cultural de San Luis Potos\u00ed, Fomento Cultural Banamex, Mexico, 2005.<\/p>\n<p style=\"text-align: justify;\">Des v\u00eatements et des hommes, une perspective ethnohistorique du v\u00eatement indig\u00e8ne au Mexique. Le v\u00eatement pr\u00e9cort\u00e9sien, Riveneuve \u00c9ditions, Paris, 2011.<\/p>\n<p style=\"text-align: justify;\">De la vestimenta y los hombres, una perspectiva hist\u00f3rica de la indumentaria ind\u00edgena en Mexico. El traje precortesiano, Fondo de Cultura Econ\u00f3mica, Fundaci\u00f3n Alfredo Harp Hel\u00fa Oaxaca, CEMCA, Embajada de Francia, Mexico, 2012.<\/p>\n<p style=\"text-align: justify;\">Les costumes zapot\u00e8ques (en collaboration avec Irmgard Weitlaner Johnson et Nelly Robles), Actes Sud, mus\u00e9e du quai Branly, Paris, 2015.<\/p>\n<p style=\"text-align: justify;\">Vista Hermosa, nobles artesanos y mercaderes en los confines del mundo huasteco. Estudio arqueol\u00f3gico de un sitio del Poscl\u00e1sico Tard\u00edo del municipio de Nuevo Morelos, Tamaulipas, M\u00e9xico, Volumen I, Camino al Inframundo (coauteurs Guy Stresser-P\u00e9an et Gr\u00e9gory Pereira), Claude Stresser-P\u00e9an coord., Secretar\u00eda de Cultura, INAH, Museo Nacional de Antropolog\u00eda, Fundaci\u00f3n Stresser-P\u00e9an, CEMCA, Mexico, 2017.<\/p>\n<p style=\"text-align: justify;\">Vista Hermosa, nobles artesanos y mercaderes en los confines del mundo huasteco. Estudio arqueol\u00f3gico de un sitio del Poscl\u00e1sico Tard\u00edo del municipio de Nuevo Morelos, Tamaulipas, M\u00e9xico, Volumen II, Quetzalc\u00f3atl-Eh\u00e9catl y el universo huasteco (coauteur Elsa Jadot), Claude Stresser-P\u00e9an coord.., Secretar\u00eda de Cultura, INAH, Museo Nacional de Antropolog\u00eda, Fundaci\u00f3n Stresser-P\u00e9an, CEMCA, Mexico, 2018.<\/p>\n<p style=\"text-align: justify;\">Vista Hermosa, nobles artesanos y mercaderes en los confines del mundo huasteco. Estudio arqueol\u00f3gico de un sitio del Poscl\u00e1sico Tard\u00edo del municipio de Nuevo Morelos, Tamaulipas, M\u00e9xico, Volumen III, El arte y la vida en la huasteca poscl\u00e1sica (coauteurs Aur\u00e9lie Manin et al.), Claude Stresser-P\u00e9an coord., Secretar\u00eda de Cultura, INAH, Museo Nacional de Antropolog\u00eda, Fundaci\u00f3n Stresser-P\u00e9an, CEMCA, Mexico, 2018.<\/p>\n<p style=\"text-align: justify;\"><strong>Articles<\/strong><\/p>\n<p style=\"text-align: justify;\">\u00ab\u00a0La evoluci\u00f3n del traje ind\u00edgena en Santa Ana Tzacuala, Hgo.\u00a0\u00bb, Homenaje a Isabel Kelly, INAH, Mexico, 1989, pp. 227-248.<\/p>\n<p style=\"text-align: justify;\">\u00ab\u00a0Un cuento y cuatro rezos de los nahuas de la regi\u00f3n de Cuetzalan, Puebla\u00a0\u00bb, Estudios de Cultura N\u00e1huatl, Vol. 34, IIH-UNAM, 2004, pp. 423-441.<\/p>\n<p style=\"text-align: justify;\">\u00ab\u00a0El reino de M\u00e2ml\u00e2b, viejo dios huasteco del trueno y la vegetaci\u00f3n\u00a0\u00bb (coauteur Guy Stresser-P\u00e9an), Espaciotiempo, ann\u00e9e 1, n\u00b0 1, UASLP, 2008, pp. 7-18.<\/p>\n<p style=\"text-align: justify;\">\u00ab\u00a0Los Lienzos de Acaxochitl\u00e1n y la historia colonial del traje ind\u00edgena\u00a0\u00bb, Mayahuel, ann\u00e9e 2, n\u00b0 6, 2008, pp. 31-34.<\/p>\n<p style=\"text-align: justify;\">\u00ab\u00a0Mon mari, un savant\u00a0\u00bb, Gaceta R.F.M., n\u00b0 7, 2010, pp. 8-10.<\/p>\n<p style=\"text-align: justify;\">\u00ab\u00a0La mujer y la sociedad ind\u00edgena en Mexico\u00a0\u00bb, Homenaje a Felipe Sol\u00eds, Roberto Garc\u00eda Moll et Rafael Fierro Padilla coords., INAH, Mexico, 2015, p. 423-433.<\/p>\n<p style=\"text-align: justify;\">\u00ab\u00a0Le v\u00eatement pr\u00e9hispanique\/La vestimenta huasteca en la \u00e9poca prehisp\u00e1nica\u00a0\u00bb [bilingue fran\u00e7ais-espagnol], Catalogue de l&rsquo;exposition : Huaxt\u00e8ques, peuple m\u00e9connu du Mexique pr\u00e9colombien, Mus\u00e9e de Pr\u00e9histoire des gorges du Verdon, 01 juin &#8211; 30 novembre 2016, Quinson, Alpes de Haute Provence, pp. 164-168.<\/p>\n<p style=\"text-align: justify;\">\u00ab\u00a0Le v\u00eatement traditionnel des Indiens huast\u00e8ques d&rsquo;aujourd&rsquo;hui\/La vestimenta tradicional de los huastecos de hoy\u00a0\u00bb [bilingue fran\u00e7ais-espagnol], Catalogue de l&rsquo;exposition : Huaxt\u00e8ques, peuple m\u00e9connu du Mexique pr\u00e9colombien, Mus\u00e9e de Pr\u00e9histoire des gorges du Verdon, 01 juin &#8211; 30 novembre 2016, Quinson, Alpes de Haute Provence, pp. 212-219.<\/p>\n<p style=\"text-align: justify;\">\u00ab\u00a0Quetzalc\u00f3atl en la Huasteca\u00a0\u00bb, Estudios de Cultura N\u00e1huatl Vol. 51, IIH-UNAM, 2017, pp. 5-41.<\/p>\n<p>[\/vc_column_text][\/vc_column][\/vc_row][\/vc_section]<\/p>\n","protected":false},"excerpt":{"rendered":"<p>[vc_section css=\u00a0\u00bb.vc_custom_1551290147430{margin-top: 0px !important;padding-top: 0px !important;padding-bottom: 55px !important;}\u00a0\u00bb][vc_row][vc_column][vc_separator color=\u00a0\u00bbcustom\u00a0\u00bb el_width=\u00a0\u00bb10&Prime; accent_color=\u00a0\u00bb#adadad\u00a0\u00bb][vc_column_text] Claude Gant\u00e8s, n\u00e9e \u00e0 Rabat, Maroc, le 14 octobre\u2026 <a href=\"http:\/\/fundacion-stresser.com.mx\/fr\/claude-stresser-pean\/\">more<\/a><\/p>\n","protected":false},"author":1,"featured_media":0,"parent":0,"menu_order":0,"comment_status":"closed","ping_status":"closed","template":"","meta":{"footnotes":""},"_links":{"self":[{"href":"http:\/\/fundacion-stresser.com.mx\/fr\/wp-json\/wp\/v2\/pages\/1693"}],"collection":[{"href":"http:\/\/fundacion-stresser.com.mx\/fr\/wp-json\/wp\/v2\/pages"}],"about":[{"href":"http:\/\/fundacion-stresser.com.mx\/fr\/wp-json\/wp\/v2\/types\/page"}],"author":[{"embeddable":true,"href":"http:\/\/fundacion-stresser.com.mx\/fr\/wp-json\/wp\/v2\/users\/1"}],"replies":[{"embeddable":true,"href":"http:\/\/fundacion-stresser.com.mx\/fr\/wp-json\/wp\/v2\/comments?post=1693"}],"version-history":[{"count":5,"href":"http:\/\/fundacion-stresser.com.mx\/fr\/wp-json\/wp\/v2\/pages\/1693\/revisions"}],"predecessor-version":[{"id":1809,"href":"http:\/\/fundacion-stresser.com.mx\/fr\/wp-json\/wp\/v2\/pages\/1693\/revisions\/1809"}],"wp:attachment":[{"href":"http:\/\/fundacion-stresser.com.mx\/fr\/wp-json\/wp\/v2\/media?parent=1693"}],"curies":[{"name":"wp","href":"https:\/\/api.w.org\/{rel}","templated":true}]}}