{"id":1840,"date":"2019-08-08T13:20:13","date_gmt":"2019-08-08T18:20:13","guid":{"rendered":"http:\/\/fundacion-stresser.com.mx\/fr\/?page_id=1840"},"modified":"2025-08-22T10:02:14","modified_gmt":"2025-08-22T15:02:14","slug":"appels-a-projets","status":"publish","type":"page","link":"https:\/\/fundacion-stresser.com.mx\/fr\/appels-a-projets\/","title":{"rendered":"Appels \u00e0 projets"},"content":{"rendered":"<p>[vc_section css=\u00a0\u00bb.vc_custom_1551290147430{margin-top: 0px !important;padding-top: 0px !important;padding-bottom: 55px !important;}\u00a0\u00bb][vc_row][vc_column][vc_separator color=\u00a0\u00bbcustom\u00a0\u00bb el_width=\u00a0\u00bb10&Prime; accent_color=\u00a0\u00bb#adadad\u00a0\u00bb][vc_column_text]<strong>En 2026, la Fondation Stresser-P\u00e9an accordera des aides financi\u00e8res \u00e0 divers projets entrant dans les cat\u00e9gories suivantes:<\/strong><\/p>\n<ul>\n<li><strong>travail de terrain<\/strong> (montant maximum\u00a0: 130\u00a0000\u00a0pesos). Pri\u00e8re de noter qu\u2019une recherche sur le terrain aid\u00e9e par la Fondation ne peut b\u00e9n\u00e9ficier de son soutien que pendant 3\u00a0ann\u00e9es avec pr\u00e9sentation du projet chaque ann\u00e9e, ce sauf avis contraire et exceptionnel du Conseil scientifique\u00a0; par ailleurs, pour les travaux de terrain les fonds ne seront d\u00e9bloqu\u00e9s que sur pr\u00e9sentation de la lettre d\u2019acceptation du projet par le Consejo de arqueolog\u00eda de l\u2019INAH\u00a0;<\/li>\n<li><strong>travail de laboratoire<\/strong> (montant maximum\u00a0: 70\u00a0000\u00a0pesos)\u00a0; on privil\u00e9giera les analyses men\u00e9es dans des laboratoires mexicains ou fran\u00e7ais\u00a0;<\/li>\n<li><strong>organisation d\u2019une rencontre scientifique<\/strong> (montant maximum\u00a0: 100\u00a0000\u00a0pesos)\u00a0;<\/li>\n<li><strong>participation \u00e0 une publication<\/strong> concernant fondamentalement les r\u00e9sultats d\u2019un travail arch\u00e9ologique de terrain, d\u2019une \u00e9tude de mat\u00e9riels en laboratoires, ou les actes d\u2019une rencontre scientifique (montant maximum\u00a0: 80\u00a0000\u00a0pesos)\u00a0; il conviendra de fournir la table des mati\u00e8res pr\u00e9cise de la publication ainsi qu\u2019une lettre d\u2019acceptation du manuscrit par l\u2019\u00e9diteur\u00a0;<\/li>\n<li><strong>projet d\u2019exposition<\/strong> (montant maximum : 80 000 pesos) ; il conviendra de fournir le plan pr\u00e9visionnel de l\u2019exposition ainsi qu\u2019une lettre d\u2019acceptation de l\u2019institution devant accueillir l\u2019exposition.<\/li>\n<\/ul>\n<p>Les porteurs des projets doivent envoyer leur dossier <strong>en espagnol<\/strong> (en pdf) au plus tard le 20 octobre 2025 \u00e0 l\u2019adresse \u00e9lectronique suivante : <a href=\"mailto:fundacion_sp@yahoo.com\">fundacion_sp@yahoo.com<\/a><\/p>\n<p>Pour solliciter une aide financi\u00e8re de la Fondation, il faut \u00eatre arch\u00e9ologue ou sp\u00e9cialiste d\u2019une des disciplines voisines\u00a0: arch\u00e9om\u00e9trie, g\u00e9oarch\u00e9ologie, arch\u00e9obotanique, arch\u00e9ozoologie, anthropologie physique, restauration, ethnohistoire, ethnologie.<\/p>\n<p>Si la personne qui sollicite une aide n\u2019est pas titulaire, elle devra pr\u00e9senter une lettre d\u2019appui institutionnel (par exemple de son directeur de th\u00e8se ou de l\u2019institution responsable du projet). <strong>Les aides accord\u00e9es ne peuvent en aucun cas servir \u00e0 payer des salaires aux chercheurs<\/strong> ; en revanche elles peuvent servir \u00e0 payer de la main d\u2019\u0153uvre sur le terrain ou des techniciens.<\/p>\n<p>Il convient aussi de noter que les <strong>aides accord\u00e9es doivent imp\u00e9rativement \u00eatre utilis\u00e9es dans le courant de l\u2019ann\u00e9e 2026<\/strong>. Si un retard se pr\u00e9sente pour une raison de force majeure, il conviendra d\u2019en aviser la Fondation, laquelle examinera la possibilit\u00e9 de reporter l\u2019aide \u00e0 l\u2019ann\u00e9e suivante. Faute d\u2019observer cette d\u00e9marche, l\u2019aide accord\u00e9e sera supprim\u00e9e.<\/p>\n<p><strong>Chaque demande comportera<\/strong><\/p>\n<ul>\n<li>les r\u00e9f\u00e9rences du porteur du projet : nom, pr\u00e9nom et adresse \u00e9lectronique, avec un CV (<strong>de deux pages au maximum<\/strong>) ; si la personne porteuse du projet n\u2019est pas titulaire, elle devra fournir \u00e9galement une lettre de la part de l\u2019institution qui se porte garante du projet ;<\/li>\n<li>un descriptif du projet pour lequel la Fondation est sollicit\u00e9e, ce dans un document de <strong>15 000 signes au maximum<\/strong> (hors les illustrations) :<\/li>\n<li>doit \u00eatre aussi obligatoirement inclus un projet de budget indiquant notamment les co-financements demand\u00e9s et\/ou obtenus pour 2026 ainsi que l\u2019usage pr\u00e9vu de l\u2019aide sollicit\u00e9e aupr\u00e8s de la Fondation.<\/li>\n<\/ul>\n<p>Au terme de l\u2019examen des demandes re\u00e7ues par le Conseil scientifique, puis par le Comit\u00e9 de direction de la Fondation, les r\u00e9sultats seront communiqu\u00e9s \u00e0 chaque porteuse ou porteur de projet avant la fin de l\u2019ann\u00e9e 2025.<\/p>\n<p><strong>Pour la remise des fonds\u00a0:<\/strong><br \/>\nAu cas o\u00f9 ce serait l\u2019institution d\u2019appartenance d\u2019un des chercheurs qui recevrait l\u2019aide accord\u00e9e, ce point devra \u00eatre sp\u00e9cifi\u00e9 dans la demande.<\/p>\n<p>Il convient de rappeler que les responsables des projets soutenus par la Fondation s\u2019engagent<\/p>\n<ul>\n<li>\u00e0 remettre un rapport r\u00e9sum\u00e9 des r\u00e9sultats obtenus par leur projet (5 pages comme maximum sans compter les illustrations),<\/li>\n<li>\u00e0 fournir une copie \u00e9lectronique des articles publi\u00e9s dans le cadre du projet soutenu,<\/li>\n<li>\u00e0 mentionner explicitement, dans leurs publications, l\u2019aide re\u00e7ue de la Fondation.<\/li>\n<\/ul>\n<p>[\/vc_column_text][\/vc_column][\/vc_row][\/vc_section]<\/p>\n","protected":false},"excerpt":{"rendered":"<p>[vc_section css=\u00a0\u00bb.vc_custom_1551290147430{margin-top: 0px !important;padding-top: 0px !important;padding-bottom: 55px !important;}\u00a0\u00bb][vc_row][vc_column][vc_separator color=\u00a0\u00bbcustom\u00a0\u00bb el_width=\u00a0\u00bb10&Prime; accent_color=\u00a0\u00bb#adadad\u00a0\u00bb][vc_column_text]En 2026, la Fondation Stresser-P\u00e9an accordera des aides financi\u00e8res \u00e0\u2026 <a href=\"https:\/\/fundacion-stresser.com.mx\/fr\/appels-a-projets\/\">more<\/a><\/p>\n","protected":false},"author":1,"featured_media":0,"parent":0,"menu_order":0,"comment_status":"closed","ping_status":"closed","template":"","meta":{"footnotes":""},"_links":{"self":[{"href":"https:\/\/fundacion-stresser.com.mx\/fr\/wp-json\/wp\/v2\/pages\/1840"}],"collection":[{"href":"https:\/\/fundacion-stresser.com.mx\/fr\/wp-json\/wp\/v2\/pages"}],"about":[{"href":"https:\/\/fundacion-stresser.com.mx\/fr\/wp-json\/wp\/v2\/types\/page"}],"author":[{"embeddable":true,"href":"https:\/\/fundacion-stresser.com.mx\/fr\/wp-json\/wp\/v2\/users\/1"}],"replies":[{"embeddable":true,"href":"https:\/\/fundacion-stresser.com.mx\/fr\/wp-json\/wp\/v2\/comments?post=1840"}],"version-history":[{"count":8,"href":"https:\/\/fundacion-stresser.com.mx\/fr\/wp-json\/wp\/v2\/pages\/1840\/revisions"}],"predecessor-version":[{"id":1887,"href":"https:\/\/fundacion-stresser.com.mx\/fr\/wp-json\/wp\/v2\/pages\/1840\/revisions\/1887"}],"wp:attachment":[{"href":"https:\/\/fundacion-stresser.com.mx\/fr\/wp-json\/wp\/v2\/media?parent=1840"}],"curies":[{"name":"wp","href":"https:\/\/api.w.org\/{rel}","templated":true}]}}